{"id":2117,"date":"2024-09-21T12:04:29","date_gmt":"2024-09-21T12:04:29","guid":{"rendered":"https:\/\/www.mtrpadel.com\/producto\/traccia-panoramica-individuale\/"},"modified":"2024-12-03T20:20:00","modified_gmt":"2024-12-03T20:20:00","slug":"traccia-panoramica-individuale","status":"publish","type":"product","link":"https:\/\/www.mtrpadel.com\/it\/producto\/traccia-panoramica-individuale\/","title":{"rendered":"Traccia panoramica individuale"},"content":{"rendered":"\t\t<div data-elementor-type=\"product-post\" data-elementor-id=\"2117\" class=\"elementor elementor-2117 elementor-1832\" data-elementor-post-type=\"product\">\n\t\t\t\t\t\t<section class=\"elementor-section elementor-top-section elementor-element elementor-element-a707608 elementor-section-boxed elementor-section-height-default elementor-section-height-default\" data-id=\"a707608\" data-element_type=\"section\">\n\t\t\t\t\t\t<div class=\"elementor-container elementor-column-gap-default\">\n\t\t\t\t\t<div class=\"elementor-column elementor-col-100 elementor-top-column elementor-element elementor-element-e5fb136\" data-id=\"e5fb136\" data-element_type=\"column\">\n\t\t\t<div class=\"elementor-widget-wrap elementor-element-populated\">\n\t\t\t\t\t\t<div class=\"elementor-element elementor-element-4d6bea1 elementor-widget elementor-widget-text-editor\" data-id=\"4d6bea1\" data-element_type=\"widget\" data-widget_type=\"text-editor.default\">\n\t\t\t\t<div class=\"elementor-widget-container\">\n\t\t\t\t\t\t\t\t\t<h3 style=\"text-align: center;\">Caratteristiche tecniche:<\/h3>\n<h4>Struttura in metallo:<\/h4>\n<ul>\n<li>Costituito da montanti tubolari da 80x40x12 mm per i lati.<\/li>\n<li>Traverse in acciaio zincato verniciato a forno da 80x40x3 mm.<\/li>\n<li>Rete elettrosaldata 50x50x4mm prodotta in conformit\u00e0 agli standard UNE EN 10025-1.<\/li>\n<li>Piastre di ancoraggio per pavimenti in acciaio S235JR e spessore di 10 mm.<\/li>\n<li>Kit di viti<\/li>\n<li>I pilastri angolari e le lanterne sono realizzati in tubo di acciaio inox satinato per evitare i riflessi.<\/li>\n<li>Protezione dalla corrosione mediante processo di verniciatura a polvere secondo la norma UNE EN ISO 12944-2:2018.<\/li>\n<\/ul>\n<h4>Vetro:<\/h4>\n<ul>\n<li>Lastre di vetro temperato da 12 mm di spessore, 18 lastre da 12 mm nelle misure 1995&#215;2995 mm<\/li>\n<li>Il vetro \u00e8 conforme allo standard UNE-EN 12150-2:2005.<br \/>\n-Include il neoprene per separare il vetro dal ferro. <\/li>\n<\/ul>\n<h4>Prato:<\/h4>\n<p>Fornitura di erba artificiale testurizzata di ultima generazione per paddle tennis e tappeti erbosi di lunga durata e di alta qualit\u00e0.<\/p>\n<ul>\n<li>Struttura del tappeto erboso: filati testurizzati (ricci)<\/li>\n<li>Dtex: 9.600 Dtex\/8F<\/li>\n<li>Altezza del mucchio: 12 mm<\/li>\n<li>Calibro: 3\/16&#8243;.<\/li>\n<li>Densit\u00e0: 39.900 punti\/m2<\/li>\n<li>Supporto: doppio strato di PP<\/li>\n<li>Rivestimento: lattice SBR<\/li>\n<li>Riempimento: sabbia silicea, 8,5 kg\/m2<\/li>\n<\/ul>\n<h4>Illuminazione a LED:<\/h4>\n<p>4 unit\u00e0 di palo da 6 m per il supporto e il fissaggio dei proiettori e la conduzione dei cavi, in tubo strutturale sormontato da 8 unit\u00e0 di proiettore a tenuta stagna per lampada LED \/ 200 W con 26.000 lumen.<\/p>\n<h3 style=\"text-align: center;\">Richiesta di disponibilit\u00e0<\/h3>\n<div class=\"wpcf7 no-js\" id=\"wpcf7-f61-o1\" lang=\"es-ES\" dir=\"ltr\" data-wpcf7-id=\"61\">\n<div class=\"screen-reader-response\"><p role=\"status\" aria-live=\"polite\" aria-atomic=\"true\"><\/p> <ul><\/ul><\/div>\n<form action=\"\/it\/wp-json\/wp\/v2\/product\/2117#wpcf7-f61-o1\" method=\"post\" class=\"wpcf7-form init\" aria-label=\"Formulario de contacto\" novalidate=\"novalidate\" data-status=\"init\">\n<div style=\"display: none;\">\n<input type=\"hidden\" name=\"_wpcf7\" value=\"61\" \/>\n<input type=\"hidden\" name=\"_wpcf7_version\" value=\"6.0.5\" \/>\n<input type=\"hidden\" name=\"_wpcf7_locale\" value=\"es_ES\" \/>\n<input type=\"hidden\" name=\"_wpcf7_unit_tag\" value=\"wpcf7-f61-o1\" \/>\n<input type=\"hidden\" name=\"_wpcf7_container_post\" value=\"0\" \/>\n<input type=\"hidden\" name=\"_wpcf7_posted_data_hash\" value=\"\" \/>\n<\/div>\n<div class=\"column one-second\">\n\t<p><span class=\"wpcf7-form-control-wrap\" data-name=\"your-name\"><input size=\"40\" maxlength=\"400\" class=\"wpcf7-form-control wpcf7-text wpcf7-validates-as-required\" aria-required=\"true\" aria-invalid=\"false\" placeholder=\"Nombre\" value=\"\" type=\"text\" name=\"your-name\" \/><\/span>\n\t<\/p>\n<\/div>\n<div class=\"column one-second\">\n\t<p><span class=\"wpcf7-form-control-wrap\" data-name=\"your-email\"><input size=\"40\" maxlength=\"400\" class=\"wpcf7-form-control wpcf7-email wpcf7-validates-as-required wpcf7-text wpcf7-validates-as-email\" aria-required=\"true\" aria-invalid=\"false\" placeholder=\"Correo electr\u00f3nico\" value=\"\" type=\"email\" name=\"your-email\" \/><\/span>\n\t<\/p>\n<\/div>\n<div class=\"column one\">\n\t<p><span class=\"wpcf7-form-control-wrap\" data-name=\"your-subject\"><input size=\"40\" maxlength=\"400\" class=\"wpcf7-form-control wpcf7-text\" aria-invalid=\"false\" placeholder=\"\u00bfQu\u00e9 necesitas?\" value=\"\" type=\"text\" name=\"your-subject\" \/><\/span>\n\t<\/p>\n<\/div>\n<div class=\"column one\">\n\t<p><span class=\"wpcf7-form-control-wrap\" data-name=\"your-message\"><textarea cols=\"40\" rows=\"6\" maxlength=\"2000\" class=\"wpcf7-form-control wpcf7-textarea\" aria-invalid=\"false\" placeholder=\"Escribe tu mensaje\" name=\"your-message\"><\/textarea><\/span>\n\t<\/p>\n<\/div>\n<div style=\"text-align: left !important;\">\n\t<p><span class=\"wpcf7-form-control-wrap\" data-name=\"acceptance-46\"><span class=\"wpcf7-form-control wpcf7-acceptance\"><span class=\"wpcf7-list-item\"><label><input type=\"checkbox\" name=\"acceptance-46\" value=\"1\" aria-invalid=\"false\" \/><span class=\"wpcf7-list-item-label\"><a target=\"_blank\" href=\"#\">He le\u00eddo y acepto las Pol\u00edticas de Privacidad<\/a> (Requerido)<\/span><\/label><\/span><\/span><\/span>\n\t<\/p>\n<\/div>\n<p><span class=\"wpcf7-form-control-wrap\" data-name=\"acceptance-46\"><span class=\"wpcf7-form-control wpcf7-acceptance\"><span class=\"wpcf7-list-item\"><label><input type=\"checkbox\" name=\"acceptance-46\" value=\"1\" aria-invalid=\"false\" \/><span class=\"wpcf7-list-item-label\">Acepto el tratamiento de mis datos con la finalidad de recibir la informaci\u00f3n solicitada.<\/span><\/label><\/span><\/span><\/span>\n<\/p>\n<p>En MTR P\u00e1del (titularidad de Nombre Apellido Apellido) trataremos los datos que nos facilites con la finalidad de enviarte informaci\u00f3n relacionada con tu solicitud sobre nuestros productos y servicios. Podr\u00e1s ejercer los derechos de acceso, rectificaci\u00f3n, limitaci\u00f3n, oposici\u00f3n, portabilidad, o retirar el consentimiento enviando un email a Mtrapadel@mtrpadel.com. Tambi\u00e9n puedes solicitar la tutela de derechos ante la Autoridad de Control (AEPD). Puedes consultar informaci\u00f3n adicional y detallada sobre protecci\u00f3n de datos en nuestra Pol\u00edtica de Privacidad.\n<\/p>\n<div class=\"column one\">\n\t<p><input class=\"wpcf7-form-control wpcf7-submit has-spinner\" type=\"submit\" value=\"ENVIAR MENSAJE\" \/>\n\t<\/p>\n<\/div><div class=\"wpcf7-response-output\" aria-hidden=\"true\"><\/div>\n<\/form>\n<\/div>\n<p><a id=\"logo\" title=\"Il mio blog\" href=\"https:\/\/www.mtrpadel.com\/it\/\" data-height=\"60\" data-padding=\"15\"><img decoding=\"async\" class=\"logo-main scale-with-grid aligncenter\" src=\"https:\/\/www.mtrpadel.com\/wp-content\/uploads\/2023\/05\/MTR-Padel.png\" alt=\"MTR Padel\" data-retina=\"https:\/\/www.mtrpadel.com\/wp-content\/uploads\/2023\/05\/MTR-Padel.png\" data-height=\"51\" data-no-retina=\"\"><\/a><\/p>\n\t\t\t\t\t\t\t\t<\/div>\n\t\t\t\t<\/div>\n\t\t\t\t\t<\/div>\n\t\t<\/div>\n\t\t\t\t\t<\/div>\n\t\t<\/section>\n\t\t\t\t<\/div>\n\t\t","protected":false},"excerpt":{"rendered":"<p>Campo da padel panoramico individuale di 10&#215;16 m appositamente progettato per il gioco 1 contro 1. Tu contro il tuo avversario.<br \/>\nOffre una visione panoramica del gioco e le dimensioni sono perfette per ottenere le massime prestazioni in campo. Il vetro e la copertura soddisfano i pi\u00f9 severi standard di qualit\u00e0 e sono approvati come nei campi panoramici convenzionali. L&#8217;unica cosa che cambia \u00e8 la lunghezza del campo. E questo significa meno parti da installare e meno tempo di montaggio. Chiedi subito un preventivo!     <\/p>\n","protected":false},"featured_media":2118,"comment_status":"open","ping_status":"closed","template":"","meta":[],"product_brand":[],"product_cat":[46],"product_tag":[],"class_list":{"0":"post-2117","1":"product","2":"type-product","3":"status-publish","4":"has-post-thumbnail","6":"product_cat-campi-da-padel","8":"first","9":"instock","10":"shipping-taxable","11":"product-type-simple"},"yoast_head":"<!-- This site is optimized with the Yoast SEO plugin v24.6 - https:\/\/yoast.com\/wordpress\/plugins\/seo\/ -->\n<title>Traccia panoramica individuale - MTR P&aacute;del Tech Valencia<\/title>\n<meta name=\"description\" content=\"Campo panoramico individuale di 10x16 m, appositamente progettato per il gioco 1 vs 1. Realizzato in acciaio e vetro temperato da 12 mm. Richiedi un preventivo!\" \/>\n<meta name=\"robots\" content=\"index, follow, max-snippet:-1, max-image-preview:large, max-video-preview:-1\" \/>\n<link rel=\"canonical\" href=\"https:\/\/www.mtrpadel.com\/it\/producto\/traccia-panoramica-individuale\/\" \/>\n<meta property=\"og:locale\" content=\"it_IT\" \/>\n<meta property=\"og:type\" content=\"article\" \/>\n<meta property=\"og:title\" content=\"Traccia panoramica individuale - MTR P&aacute;del Tech Valencia\" \/>\n<meta property=\"og:description\" content=\"Campo panoramico individuale di 10x16 m, appositamente progettato per il gioco 1 vs 1. Realizzato in acciaio e vetro temperato da 12 mm. Richiedi un preventivo!\" \/>\n<meta property=\"og:url\" content=\"https:\/\/www.mtrpadel.com\/it\/producto\/traccia-panoramica-individuale\/\" \/>\n<meta property=\"og:site_name\" content=\"MTR P&aacute;del Tech Valencia\" \/>\n<meta property=\"article:modified_time\" content=\"2024-12-03T20:20:00+00:00\" \/>\n<meta property=\"og:image\" content=\"https:\/\/www.mtrpadel.com\/wp-content\/uploads\/2024\/09\/img-pista-padel-panoramica-individual-2-1.jpg\" \/>\n\t<meta property=\"og:image:width\" content=\"600\" \/>\n\t<meta property=\"og:image:height\" content=\"600\" \/>\n\t<meta property=\"og:image:type\" content=\"image\/jpeg\" \/>\n<meta name=\"twitter:card\" content=\"summary_large_image\" \/>\n<meta name=\"twitter:label1\" content=\"Tempo di lettura stimato\" \/>\n\t<meta name=\"twitter:data1\" content=\"1 minuto\" \/>\n<script type=\"application\/ld+json\" class=\"yoast-schema-graph\">{\"@context\":\"https:\/\/schema.org\",\"@graph\":[{\"@type\":[\"WebPage\",\"SearchResultsPage\"],\"@id\":\"https:\/\/www.mtrpadel.com\/it\/producto\/traccia-panoramica-individuale\/\",\"url\":\"https:\/\/www.mtrpadel.com\/it\/producto\/traccia-panoramica-individuale\/\",\"name\":\"Traccia panoramica individuale - MTR P&aacute;del Tech Valencia\",\"isPartOf\":{\"@id\":\"https:\/\/www.mtrpadel.com\/it\/#website\"},\"primaryImageOfPage\":{\"@id\":\"https:\/\/www.mtrpadel.com\/it\/producto\/traccia-panoramica-individuale\/#primaryimage\"},\"image\":{\"@id\":\"https:\/\/www.mtrpadel.com\/it\/producto\/traccia-panoramica-individuale\/#primaryimage\"},\"thumbnailUrl\":\"https:\/\/www.mtrpadel.com\/wp-content\/uploads\/2024\/09\/img-pista-padel-panoramica-individual-2-1.jpg\",\"datePublished\":\"2024-09-21T12:04:29+00:00\",\"dateModified\":\"2024-12-03T20:20:00+00:00\",\"description\":\"Campo panoramico individuale di 10x16 m, appositamente progettato per il gioco 1 vs 1. Realizzato in acciaio e vetro temperato da 12 mm. Richiedi un preventivo!\",\"breadcrumb\":{\"@id\":\"https:\/\/www.mtrpadel.com\/it\/producto\/traccia-panoramica-individuale\/#breadcrumb\"},\"inLanguage\":\"it-IT\",\"potentialAction\":[{\"@type\":\"ReadAction\",\"target\":[\"https:\/\/www.mtrpadel.com\/it\/producto\/traccia-panoramica-individuale\/\"]}]},{\"@type\":\"ImageObject\",\"inLanguage\":\"it-IT\",\"@id\":\"https:\/\/www.mtrpadel.com\/it\/producto\/traccia-panoramica-individuale\/#primaryimage\",\"url\":\"https:\/\/www.mtrpadel.com\/wp-content\/uploads\/2024\/09\/img-pista-padel-panoramica-individual-2-1.jpg\",\"contentUrl\":\"https:\/\/www.mtrpadel.com\/wp-content\/uploads\/2024\/09\/img-pista-padel-panoramica-individual-2-1.jpg\",\"width\":600,\"height\":600},{\"@type\":\"BreadcrumbList\",\"@id\":\"https:\/\/www.mtrpadel.com\/it\/producto\/traccia-panoramica-individuale\/#breadcrumb\",\"itemListElement\":[{\"@type\":\"ListItem\",\"position\":1,\"name\":\"Portada\",\"item\":\"https:\/\/www.mtrpadel.com\/it\/\"},{\"@type\":\"ListItem\",\"position\":2,\"name\":\"Tienda\",\"item\":\"https:\/\/www.mtrpadel.com\/tienda\/\"},{\"@type\":\"ListItem\",\"position\":3,\"name\":\"Traccia panoramica individuale\"}]},{\"@type\":\"WebSite\",\"@id\":\"https:\/\/www.mtrpadel.com\/it\/#website\",\"url\":\"https:\/\/www.mtrpadel.com\/it\/\",\"name\":\"MTR P\u00e1del Tech Valencia\",\"description\":\"Fabricaci\u00f3n y venta\",\"publisher\":{\"@id\":\"https:\/\/www.mtrpadel.com\/it\/#organization\"},\"alternateName\":\"MTR P\u00e1del\",\"potentialAction\":[{\"@type\":\"SearchAction\",\"target\":{\"@type\":\"EntryPoint\",\"urlTemplate\":\"https:\/\/www.mtrpadel.com\/it\/?s={search_term_string}\"},\"query-input\":{\"@type\":\"PropertyValueSpecification\",\"valueRequired\":true,\"valueName\":\"search_term_string\"}}],\"inLanguage\":\"it-IT\"},{\"@type\":\"Organization\",\"@id\":\"https:\/\/www.mtrpadel.com\/it\/#organization\",\"name\":\"MTR P\u00e1del Tech Valencia\",\"url\":\"https:\/\/www.mtrpadel.com\/it\/\",\"logo\":{\"@type\":\"ImageObject\",\"inLanguage\":\"it-IT\",\"@id\":\"https:\/\/www.mtrpadel.com\/it\/#\/schema\/logo\/image\/\",\"url\":\"https:\/\/www.mtrpadel.com\/wp-content\/uploads\/2023\/06\/logo-mtr-padel.png\",\"contentUrl\":\"https:\/\/www.mtrpadel.com\/wp-content\/uploads\/2023\/06\/logo-mtr-padel.png\",\"width\":1000,\"height\":170,\"caption\":\"MTR P\u00e1del Tech Valencia\"},\"image\":{\"@id\":\"https:\/\/www.mtrpadel.com\/it\/#\/schema\/logo\/image\/\"}}]}<\/script>\n<!-- \/ Yoast SEO plugin. -->","yoast_head_json":{"title":"Traccia panoramica individuale - MTR P&aacute;del Tech Valencia","description":"Campo panoramico individuale di 10x16 m, appositamente progettato per il gioco 1 vs 1. Realizzato in acciaio e vetro temperato da 12 mm. Richiedi un preventivo!","robots":{"index":"index","follow":"follow","max-snippet":"max-snippet:-1","max-image-preview":"max-image-preview:large","max-video-preview":"max-video-preview:-1"},"canonical":"https:\/\/www.mtrpadel.com\/it\/producto\/traccia-panoramica-individuale\/","og_locale":"it_IT","og_type":"article","og_title":"Traccia panoramica individuale - MTR P&aacute;del Tech Valencia","og_description":"Campo panoramico individuale di 10x16 m, appositamente progettato per il gioco 1 vs 1. Realizzato in acciaio e vetro temperato da 12 mm. Richiedi un preventivo!","og_url":"https:\/\/www.mtrpadel.com\/it\/producto\/traccia-panoramica-individuale\/","og_site_name":"MTR P&aacute;del Tech Valencia","article_modified_time":"2024-12-03T20:20:00+00:00","og_image":[{"width":600,"height":600,"url":"https:\/\/www.mtrpadel.com\/wp-content\/uploads\/2024\/09\/img-pista-padel-panoramica-individual-2-1.jpg","type":"image\/jpeg"}],"twitter_card":"summary_large_image","twitter_misc":{"Tempo di lettura stimato":"1 minuto"},"schema":{"@context":"https:\/\/schema.org","@graph":[{"@type":["WebPage","SearchResultsPage"],"@id":"https:\/\/www.mtrpadel.com\/it\/producto\/traccia-panoramica-individuale\/","url":"https:\/\/www.mtrpadel.com\/it\/producto\/traccia-panoramica-individuale\/","name":"Traccia panoramica individuale - MTR P&aacute;del Tech Valencia","isPartOf":{"@id":"https:\/\/www.mtrpadel.com\/it\/#website"},"primaryImageOfPage":{"@id":"https:\/\/www.mtrpadel.com\/it\/producto\/traccia-panoramica-individuale\/#primaryimage"},"image":{"@id":"https:\/\/www.mtrpadel.com\/it\/producto\/traccia-panoramica-individuale\/#primaryimage"},"thumbnailUrl":"https:\/\/www.mtrpadel.com\/wp-content\/uploads\/2024\/09\/img-pista-padel-panoramica-individual-2-1.jpg","datePublished":"2024-09-21T12:04:29+00:00","dateModified":"2024-12-03T20:20:00+00:00","description":"Campo panoramico individuale di 10x16 m, appositamente progettato per il gioco 1 vs 1. Realizzato in acciaio e vetro temperato da 12 mm. Richiedi un preventivo!","breadcrumb":{"@id":"https:\/\/www.mtrpadel.com\/it\/producto\/traccia-panoramica-individuale\/#breadcrumb"},"inLanguage":"it-IT","potentialAction":[{"@type":"ReadAction","target":["https:\/\/www.mtrpadel.com\/it\/producto\/traccia-panoramica-individuale\/"]}]},{"@type":"ImageObject","inLanguage":"it-IT","@id":"https:\/\/www.mtrpadel.com\/it\/producto\/traccia-panoramica-individuale\/#primaryimage","url":"https:\/\/www.mtrpadel.com\/wp-content\/uploads\/2024\/09\/img-pista-padel-panoramica-individual-2-1.jpg","contentUrl":"https:\/\/www.mtrpadel.com\/wp-content\/uploads\/2024\/09\/img-pista-padel-panoramica-individual-2-1.jpg","width":600,"height":600},{"@type":"BreadcrumbList","@id":"https:\/\/www.mtrpadel.com\/it\/producto\/traccia-panoramica-individuale\/#breadcrumb","itemListElement":[{"@type":"ListItem","position":1,"name":"Portada","item":"https:\/\/www.mtrpadel.com\/it\/"},{"@type":"ListItem","position":2,"name":"Tienda","item":"https:\/\/www.mtrpadel.com\/tienda\/"},{"@type":"ListItem","position":3,"name":"Traccia panoramica individuale"}]},{"@type":"WebSite","@id":"https:\/\/www.mtrpadel.com\/it\/#website","url":"https:\/\/www.mtrpadel.com\/it\/","name":"MTR P\u00e1del Tech Valencia","description":"Fabricaci\u00f3n y venta","publisher":{"@id":"https:\/\/www.mtrpadel.com\/it\/#organization"},"alternateName":"MTR P\u00e1del","potentialAction":[{"@type":"SearchAction","target":{"@type":"EntryPoint","urlTemplate":"https:\/\/www.mtrpadel.com\/it\/?s={search_term_string}"},"query-input":{"@type":"PropertyValueSpecification","valueRequired":true,"valueName":"search_term_string"}}],"inLanguage":"it-IT"},{"@type":"Organization","@id":"https:\/\/www.mtrpadel.com\/it\/#organization","name":"MTR P\u00e1del Tech Valencia","url":"https:\/\/www.mtrpadel.com\/it\/","logo":{"@type":"ImageObject","inLanguage":"it-IT","@id":"https:\/\/www.mtrpadel.com\/it\/#\/schema\/logo\/image\/","url":"https:\/\/www.mtrpadel.com\/wp-content\/uploads\/2023\/06\/logo-mtr-padel.png","contentUrl":"https:\/\/www.mtrpadel.com\/wp-content\/uploads\/2023\/06\/logo-mtr-padel.png","width":1000,"height":170,"caption":"MTR P\u00e1del Tech Valencia"},"image":{"@id":"https:\/\/www.mtrpadel.com\/it\/#\/schema\/logo\/image\/"}}]}},"_links":{"self":[{"href":"https:\/\/www.mtrpadel.com\/it\/wp-json\/wp\/v2\/product\/2117","targetHints":{"allow":["GET"]}}],"collection":[{"href":"https:\/\/www.mtrpadel.com\/it\/wp-json\/wp\/v2\/product"}],"about":[{"href":"https:\/\/www.mtrpadel.com\/it\/wp-json\/wp\/v2\/types\/product"}],"replies":[{"embeddable":true,"href":"https:\/\/www.mtrpadel.com\/it\/wp-json\/wp\/v2\/comments?post=2117"}],"version-history":[{"count":5,"href":"https:\/\/www.mtrpadel.com\/it\/wp-json\/wp\/v2\/product\/2117\/revisions"}],"predecessor-version":[{"id":2139,"href":"https:\/\/www.mtrpadel.com\/it\/wp-json\/wp\/v2\/product\/2117\/revisions\/2139"}],"wp:featuredmedia":[{"embeddable":true,"href":"https:\/\/www.mtrpadel.com\/it\/wp-json\/wp\/v2\/media\/2118"}],"wp:attachment":[{"href":"https:\/\/www.mtrpadel.com\/it\/wp-json\/wp\/v2\/media?parent=2117"}],"wp:term":[{"taxonomy":"product_brand","embeddable":true,"href":"https:\/\/www.mtrpadel.com\/it\/wp-json\/wp\/v2\/product_brand?post=2117"},{"taxonomy":"product_cat","embeddable":true,"href":"https:\/\/www.mtrpadel.com\/it\/wp-json\/wp\/v2\/product_cat?post=2117"},{"taxonomy":"product_tag","embeddable":true,"href":"https:\/\/www.mtrpadel.com\/it\/wp-json\/wp\/v2\/product_tag?post=2117"}],"curies":[{"name":"wp","href":"https:\/\/api.w.org\/{rel}","templated":true}]}}